{"id":1417,"date":"2019-10-10T19:27:13","date_gmt":"2019-10-10T22:27:13","guid":{"rendered":"https:\/\/isfd113-bue.infd.edu.ar\/sitio\/?page_id=1417"},"modified":"2026-03-03T00:15:12","modified_gmt":"2026-03-03T03:15:12","slug":"matriculacion-2-a-4-ano","status":"publish","type":"page","link":"https:\/\/isfd113-bue.infd.edu.ar\/sitio\/matriculacion-2-a-4-ano\/","title":{"rendered":"Inscripci\u00f3n 2do. a 4to. A\u00f1o"},"content":{"rendered":"<h1 style=\"text-align: center;\"><span style=\"color: #008000;\"><strong>Formularios online disponibles<\/strong><\/span><\/h1>\n<h1 style=\"text-align: center;\"><span style=\"color: #008000;\"><strong>desde el <span style=\"color: #ff0000;\">Martes 03 hasta el Martes 10 de Marzo 2026<\/span><\/strong><\/span><\/h1>\n<p><\/p>\n<h5 style=\"text-align: center;\"><span style=\"color: #008000;\"><strong>(Los formularios se desactivar\u00e1n el Martes 10 de Marzo a las 23.59 hs)<\/strong><\/span><\/h5>\n<h5><img decoding=\"async\" loading=\"lazy\" class=\"alignnone size-full wp-image-3235\" src=\"https:\/\/isfd113-bue.infd.edu.ar\/sitio\/wp-content\/uploads\/2025\/02\/0-CARTEL-UNICO.jpg\" alt=\"\" width=\"960\" height=\"720\" srcset=\"https:\/\/isfd113-bue.infd.edu.ar\/sitio\/wp-content\/uploads\/2025\/02\/0-CARTEL-UNICO.jpg 960w, https:\/\/isfd113-bue.infd.edu.ar\/sitio\/wp-content\/uploads\/2025\/02\/0-CARTEL-UNICO-768x576.jpg 768w\" sizes=\"(max-width: 960px) 100vw, 960px\" \/><\/h5>\n<h5 style=\"text-align: center;\"><span style=\"color: #ff0000;\"><b>Horarios vigentes disponibles para consulta en la secci\u00f3n Sitios del Bar del campus <span style=\"color: #000000;\">(*)<\/span>. <\/b><\/span><\/h5>\n<h5 style=\"text-align: center;\"><span style=\"color: #ff0000;\"><b>SUJETOS A MODIFICACIONES.<br><\/b><\/span><\/h5>\n<p><span style=\"color: #008000;\"><strong>CAMBIOS DE TURNO:<\/strong><\/span><\/p>\n<ul>\n<li>Los cambios de turno deber\u00e1n <strong>solicitarse por escrito<\/strong> a las autoridades del Instituto, adjuntando adem\u00e1s una <strong>Constancia<\/strong> de su lugar de trabajo en la que figure el horario laboral.<\/li>\n<li>Ud. deber\u00e1 inscribirse <strong>en el turno en el que quiera cursar<\/strong>, y presentar en la Preceptor\u00eda correspondiente esos papeles.<\/li>\n<\/ul>\n<p style=\"text-align: center;\"><span style=\"color: #008000;\"><strong>EL CAMBIO QUEDA SUJETO A APROBACI\u00d3N POSTERIOR, DE ACUERDO A LA DISTRIBUCI\u00d3N DE LA MATR\u00cdCULA DE CADA TURNO.<\/strong><\/span><\/p>\n<h5>&nbsp;<\/h5>\n<p><span style=\"color: #008000;\"><strong>SI UD. ES RECURSANTE:&nbsp;<\/strong>Tenga en cuenta que pueden superponerse los horarios de cursada de las materias que corresponden a diferentes cursos. Por lo tanto:<\/span><\/p>\n<ul>\n<li>considere anotarse <strong>en diferentes turnos <\/strong>en las materias que quiera cursar\/recursar. Para tomar la decisi\u00f3n correcta, consulte los horarios de cursadas publicados en la secci\u00f3n Archivos del Bar del campus.<\/li>\n<li>sepa que <b>DEBER\u00c1 COMPLETAR EL FORMULARIO DE INSCRIPCI\u00d3N ONLINE CORRESPONDIENTE A CADA TURNO AL QUE SE INSCRIBA A MATERIA\/S.<\/b><\/li>\n<\/ul>\n<h5>&nbsp;<\/h5>\n<h5><span style=\"color: #ff0000;\"><b>Formularios de Inscripci\u00f3n por&nbsp; Carreras y Turnos<\/b><\/span><\/h5>\n<table width=\"992\">\n<tbody>\n<tr>\n<td width=\"281\"><strong>Turno Ma\u00f1ana<\/strong><\/td>\n<td width=\"380\"><strong>Turno Tarde<\/strong><\/td>\n<td width=\"331\"><strong>Turno Vespertino<\/strong><\/td>\n<\/tr>\n<tr>\n<td><a href=\"https:\/\/forms.gle\/1mYb5hEYU5YQ3FdZ7\" target=\"_blank\" rel=\"noopener\"><strong>Inscripci\u00f3n 2026 Inicial &#8211; Turno Ma\u00f1ana<\/strong><\/a><\/td>\n<td><a href=\"https:\/\/forms.gle\/ozQVmTNKLzJGyE9j9\" target=\"_blank\" rel=\"noopener\"><strong>Inscripci\u00f3n 2026 &#8211; Inicial &#8211; Turno Tarde<\/strong><\/a><\/td>\n<td><a href=\"https:\/\/forms.gle\/WxYzC6BSRNrMLN6W7\" target=\"_blank\" rel=\"noopener\"><strong>Inscripci\u00f3n 2026 &#8211; Inicial &#8211; Turno Vespertino<\/strong><\/a><\/td>\n<\/tr>\n<tr>\n<td><a href=\"https:\/\/forms.gle\/sMS5dWM3SbtnEmhx8\" target=\"_blank\" rel=\"noopener\"><strong>Inscripci\u00f3n 2026 Primaria &#8211; Turno Ma\u00f1ana<\/strong><\/a><\/td>\n<td><a href=\"https:\/\/forms.gle\/rc6okaSFwTNyyVEV6\" target=\"_blank\" rel=\"noopener\"><strong>Inscripci\u00f3n 2026 &#8211; Primaria &#8211; Turno Tarde<\/strong><\/a><\/td>\n<td><a href=\"https:\/\/forms.gle\/yyhoUssRPgMX1J8i8\" target=\"_blank\" rel=\"noopener\"><strong>Inscripci\u00f3n 2026 &#8211; Primaria &#8211; Turno Vespertino<\/strong><\/a><\/td>\n<\/tr>\n<tr>\n<td>&nbsp;<\/td>\n<td><a href=\"https:\/\/forms.gle\/XBUFx52KN8ZERdFf7\" target=\"_blank\" rel=\"noopener\"><strong>Inscripci\u00f3n 2026 &#8211; Ed. Especial &#8211; Turno Tarde y Vespertino<\/strong><\/a><\/td>\n<td>\n<p><a href=\"https:\/\/forms.gle\/bV7ksW2UqS4MYE846\" target=\"_blank\" rel=\"noopener\"><strong>Inscripci\u00f3n 2026 &#8211; Filosof\u00eda &#8211; Turno Vespertino<\/strong><\/a><\/p>\n<p><a href=\"https:\/\/forms.gle\/mjU7d4vo3rMYeYfn6\" target=\"_blank\" rel=\"noopener\"><strong>Inscripci\u00f3n 2026 &#8211; Filosof\u00eda &#8211; Turno Vespertino &#8211; PLAN NUEVO<\/strong><\/a><\/p>\n<\/td>\n<\/tr>\n<tr>\n<td>&nbsp;<\/td>\n<td>&nbsp;<\/td>\n<td>\n<p><a href=\"https:\/\/forms.gle\/ZmVfLDfQxh8HGtPu7\" target=\"_blank\" rel=\"noopener\"><strong>Inscripci\u00f3n 2026 &#8211; Historia &#8211; Turno Vespertino<\/strong><\/a><\/p>\n<p><a href=\"https:\/\/forms.gle\/XazYbyNrYR7myUHg6\" target=\"_blank\" rel=\"noopener\"><strong>Inscripci\u00f3n 2026 &#8211; Historia &#8211; Turno Vespertino &#8211; PLAN NUEVO<\/strong><\/a><\/p>\n<\/td>\n<\/tr>\n<tr>\n<td>&nbsp;<\/td>\n<td>&nbsp;<\/td>\n<td>\n<p><a href=\"https:\/\/forms.gle\/gWoWqfpgPgYFo4oM9\" target=\"_blank\" rel=\"noopener\"><strong>Inscripci\u00f3n 2026 &#8211; Cs. Pol\u00edticas &#8211; Turno Vespertino<\/strong><\/a><\/p>\n<p><a href=\"https:\/\/forms.gle\/cHNAAhAp5iCEZo6w6\" target=\"_blank\" rel=\"noopener\"><strong>Inscripci\u00f3n 2026 &#8211; Cs. Pol\u00edticas &#8211; Turno Vespertino &#8211; PLAN NUEVO<\/strong><\/a><\/p>\n<\/td>\n<\/tr>\n<\/tbody>\n<\/table>\n<p><strong>(*) <\/strong><strong>Si ud. no tiene acceso al Campus virtual del Instituto<\/strong>, por favor solic\u00edtelo enviando un mail a la Preceptor\u00eda que corresponda,&nbsp;a saber:<\/p>\n<p><span style=\"color: #ff0000;\"><strong>Turno Ma\u00f1ana:<\/strong><\/span><strong>&nbsp;<\/strong><strong>isfd113preceptoriatm@gmail.com<\/strong><\/p>\n<p><span style=\"color: #ff0000;\"><strong>Turno Tarde:<\/strong><\/span><strong><span style=\"color: #ff0000;\">&nbsp;<\/span>&nbsp;<\/strong><strong>preceturnotarde113@gmail.com<\/strong><\/p>\n<p><span style=\"color: #ff0000;\"><strong>Turno Vespertino:<\/strong><\/span><\/p>\n<p style=\"padding-left: 40px;\"><span style=\"color: #008000;\"><strong>Filosof\u00eda-Historia-Cs. Pol\u00edticas<\/strong><\/span><strong><span style=\"color: #008000;\">&nbsp;<\/span> &nbsp; &nbsp; &nbsp; &nbsp; &nbsp; &nbsp; &nbsp;historia.politica.filo113@gmail.com<\/strong><\/p>\n<p style=\"padding-left: 40px;\"><span style=\"color: #008000;\"><strong>Inicial&nbsp; &nbsp; &nbsp; &nbsp; &nbsp; &nbsp; &nbsp; &nbsp; &nbsp; &nbsp; &nbsp; &nbsp; &nbsp; &nbsp; &nbsp; &nbsp; &nbsp; &nbsp; &nbsp; &nbsp; &nbsp; &nbsp; &nbsp; <span style=\"color: #000000;\">preceinicial113@gmail.com<\/span><\/strong><\/span><\/p>\n<p style=\"padding-left: 40px;\"><span style=\"color: #008000;\"><strong>Primaria<\/strong><\/span><strong>&nbsp; &nbsp; &nbsp; &nbsp; &nbsp; &nbsp; &nbsp; &nbsp; &nbsp; &nbsp; &nbsp; &nbsp; &nbsp; &nbsp; &nbsp; &nbsp; &nbsp; &nbsp; &nbsp; &nbsp; &nbsp; preceprimaria113@gmail.com<\/strong><\/p>\n<div aria-hidden=\"true\">En el mail coloque:<\/div>\n<ul>\n<li><strong>en el Asunto<\/strong>, coloque <strong>EN ESTE ORDEN<\/strong>:&nbsp;&nbsp;<strong>Turno &#8211;&nbsp;Carrera<\/strong><\/li>\n<li><strong>en el cuerpo del mensaje<\/strong>, especifique: <strong>Apellido &#8211; Nombre &#8211; DNI &#8211; Celular<\/strong><\/li>\n<\/ul>\n<p><strong>La casilla desde la cual ud. remita el mensaje, ser\u00e1 utilizada para el intercambio de mensajer\u00eda con la plataforma.<\/strong><\/p>\n<p style=\"text-align: right;\">(Publicado 03 Marzo 2026)<\/p>\n\n\n<p><\/p>\n","protected":false},"excerpt":{"rendered":"<p>Formularios online disponibles desde el Martes 03 hasta el Martes 10 de Marzo 2026 (Los formularios se desactivar\u00e1n el Martes 10 de Marzo a las 23.59 hs) Horarios vigentes disponibles para consulta en la secci\u00f3n Sitios del Bar del campus (*). SUJETOS A MODIFICACIONES. CAMBIOS DE TURNO: Los cambios de turno deber\u00e1n solicitarse por escrito &#8230; <a title=\"Inscripci\u00f3n 2do. a 4to. A\u00f1o\" class=\"read-more\" href=\"https:\/\/isfd113-bue.infd.edu.ar\/sitio\/matriculacion-2-a-4-ano\/\" aria-label=\"More on Inscripci\u00f3n 2do. a 4to. A\u00f1o\">[+]<\/a><\/p>\n","protected":false},"author":3286,"featured_media":0,"parent":0,"menu_order":0,"comment_status":"closed","ping_status":"closed","template":"","meta":[],"acf":[],"_links":{"self":[{"href":"https:\/\/isfd113-bue.infd.edu.ar\/sitio\/wp-json\/wp\/v2\/pages\/1417"}],"collection":[{"href":"https:\/\/isfd113-bue.infd.edu.ar\/sitio\/wp-json\/wp\/v2\/pages"}],"about":[{"href":"https:\/\/isfd113-bue.infd.edu.ar\/sitio\/wp-json\/wp\/v2\/types\/page"}],"author":[{"embeddable":true,"href":"https:\/\/isfd113-bue.infd.edu.ar\/sitio\/wp-json\/wp\/v2\/users\/3286"}],"replies":[{"embeddable":true,"href":"https:\/\/isfd113-bue.infd.edu.ar\/sitio\/wp-json\/wp\/v2\/comments?post=1417"}],"version-history":[{"count":97,"href":"https:\/\/isfd113-bue.infd.edu.ar\/sitio\/wp-json\/wp\/v2\/pages\/1417\/revisions"}],"predecessor-version":[{"id":3392,"href":"https:\/\/isfd113-bue.infd.edu.ar\/sitio\/wp-json\/wp\/v2\/pages\/1417\/revisions\/3392"}],"wp:attachment":[{"href":"https:\/\/isfd113-bue.infd.edu.ar\/sitio\/wp-json\/wp\/v2\/media?parent=1417"}],"curies":[{"name":"wp","href":"https:\/\/api.w.org\/{rel}","templated":true}]}}